{"id":6651,"date":"2023-02-19T23:06:19","date_gmt":"2023-02-19T23:06:19","guid":{"rendered":"https:\/\/testok.ccooaytomadrid.es\/?page_id=6651"},"modified":"2023-06-08T20:06:34","modified_gmt":"2023-06-08T20:06:34","slug":"documentos-de-interes","status":"publish","type":"page","link":"https:\/\/testok.ccooaytomadrid.es\/?page_id=6651","title":{"rendered":"Documentos de inter\u00e9s"},"content":{"rendered":"\t\t<div data-elementor-type=\"wp-page\" data-elementor-id=\"6651\" class=\"elementor elementor-6651\">\n\t\t\t\t\t\t\t\t\t<section class=\"has_eae_slider elementor-section elementor-top-section elementor-element elementor-element-d02b6bd elementor-section-boxed elementor-section-height-default elementor-section-height-default\" data-id=\"d02b6bd\" data-element_type=\"section\">\n\t\t\t\t\t\t<div class=\"elementor-container elementor-column-gap-default\">\n\t\t\t\t\t<div class=\"has_eae_slider elementor-column elementor-col-100 elementor-top-column elementor-element elementor-element-7651eda\" data-id=\"7651eda\" data-element_type=\"column\">\n\t\t\t<div class=\"elementor-widget-wrap elementor-element-populated\">\n\t\t\t\t\t\t\t\t<div class=\"elementor-element elementor-element-ff78831 elementor-widget elementor-widget-heading\" data-id=\"ff78831\" data-element_type=\"widget\" data-widget_type=\"heading.default\">\n\t\t\t\t<div class=\"elementor-widget-container\">\n\t\t\t<h2 class=\"elementor-heading-title elementor-size-default\"> - Documentos de inter\u00e9s:<\/h2>\t\t<\/div>\n\t\t\t\t<\/div>\n\t\t\t\t<div class=\"elementor-element elementor-element-9298645 elementor-widget elementor-widget-text-editor\" data-id=\"9298645\" data-element_type=\"widget\" data-widget_type=\"text-editor.default\">\n\t\t\t\t<div class=\"elementor-widget-container\">\n\t\t\t\t\t\t\t<p><strong>CONVENIOS:<\/strong><\/p><p><a href=\"documentos\/acuerdos\/Convenio%202012-2015.pdf\">Acuerdo Convenio 2011-2015<\/a><\/p><p><a href=\"documentos\/libro\/convenio%2008\/index.html\">Acuerdo Convenio 2008-2011<\/a><\/p><p><a href=\"documentos\/acuerdos\/BASES%20CONSOL.%20FUNCIONARIOS.pdf\">Convenio Unico de Laborales<\/a><\/p><p><a href=\"https:\/\/drive.google.com\/file\/d\/0B5X7Wv2zpnpCM0JJeF9CSmR4OHc\/view?usp=sharing\">Convenio Colectivo EMVS 2016-2020<\/a><\/p><p><a href=\"https:\/\/drive.google.com\/file\/d\/1gkVCAR0TQoScXbxApNsiAkutMhmRDsxk\/view?usp=sharing\">Acuerdo-Convenio 2019-2022<\/a><\/p><p class=\"art-postheader\"><sub>\u00a0<\/sub><\/p><p><strong>NORMATIVA:<\/strong><\/p><p class=\"art-postheader\"><a href=\"documentos\/libro\/estatuto%20basico\/index.html\">Estatuto Basico del Empleado P\u00fablico<\/a><\/p><p class=\"art-postheader\"><a href=\"documentos\/general\/primerapagina\/Estatutoccoo.pdf\">Estatuto de los Trabajadores (nueva edici\u00f3n contiene Ley 3\/2012 Reforma Laboral)<\/a><\/p><p class=\"art-postheader\"><strong><span style=\"color: #ff0000;\">2021<\/span><\/strong><\/p><p class=\"art-postheader\"><span style=\"color: #ff0000;\"><span style=\"color: #000000;\"><a href=\"https:\/\/drive.google.com\/file\/d\/14nYjAWYXCt7NGbACn01aqC0sSCfB-sZA\/view?usp=sharing\">Publicado en BOAC modificaci\u00f3n estatutos Agencia para el Empleo<\/a><\/span><\/span><strong><span style=\"color: #ff0000;\"><br \/><\/span><\/strong><\/p><p class=\"art-postheader\">\u00a0<\/p><p class=\"art-postheader\">\u00a0<strong>ACUERDO DE BASES:<\/strong><\/p><p class=\"art-postheader\"><a href=\"documentos\/acuerdos\/BASES%20CONSOL.%20FUNCIONARIOS.pdf\">Acuerdo Bases Consolidaci\u00f3n Empleo Temporal Funcionario<\/a><\/p><p class=\"art-postheader\"><a href=\"documentos\/acuerdos\/BASES%20CONSOL.%20LABORALES.pdf\">Acuerdo Bases Consolidaci\u00f3n Empleo Temporal Laboral<\/a><\/p><p class=\"art-postheader\"><a href=\"https:\/\/drive.google.com\/file\/d\/16-5Nnx3Yu7HUqSzP_FqBNGQtFkKcrvnK\/view?usp=sharing\">Acuerdo Bases Generales de Provisi\u00f3n Ayto Madrid 1990<\/a><\/p><p class=\"art-postheader\"><a href=\"https:\/\/drive.google.com\/file\/d\/1ie7H7UtAN845ehWkevKoOB2N_WMyO-PO\/view\">Bases Generales de procesos selectivos de Selecci\u00f3n de Personal Funcionario<\/a><\/p><p class=\"art-postheader\"><a href=\"https:\/\/drive.google.com\/file\/d\/12YwoXm5c1Tvvknym3ALFeWbJSuraH4dR\/view\">Nuevas Bases Generales de Promoci\u00f3n Interna Independiente octubre 2020<\/a><\/p><p class=\"art-postheader\"><a href=\"https:\/\/drive.google.com\/file\/d\/1AL81V5IDZH821SgN8ZGcj29cqJGjj4fK\/view\">Bases Generales de Provisi\u00f3n definitiva y temporal de personal funcionario 2020<\/a><\/p><p class=\"art-postheader\"><a href=\"index.php\/publicadas-las-bases-de-ayudas-de-accion-social-2021.html\">Bases de Acci\u00f3n Social 2021<\/a><\/p><p class=\"art-postheader\">\u00a0<\/p><p class=\"art-postheader\"><strong>ACUERDOS PLANTILLA (Ayto., OO.AA. y empresas municipales):<\/strong><\/p><p><a href=\"https:\/\/drive.google.com\/file\/d\/0B5X7Wv2zpnpCMVpWdzJrT0VyRjQ\/view?pref=2&amp;pli=1\"><strong>Acuerdo de 23 de diciembre de 2015 sobre Negociaci\u00f3n Colectiva<\/strong><\/a><\/p><p><a href=\"documentos\/acuerdos\/ACUERDO%20PT%2030%2011%2011.pdf\">Acuerdo Patronato de Turismo<\/a><\/p><p><a href=\"documentos\/acuerdos\/ACUERDO%20MESA%20DE%20TRABAJO%20PERSONAL%20LABORAL%20IDM.pdf\">Acuerdo Mesa de<\/a><a href=\"documentos\/acuerdos\/ACUERDO%20MESA%20DE%20TRABAJO%20PERSONAL%20LABORAL%20IDM.pdf\"> Trabaj<\/a><a href=\"documentos\/acuerdos\/ACUERDO%20MESA%20DE%20TRABAJO%20PERSONAL%20LABORAL%20IDM.pdf\">o<\/a> Personal Laboral Instalaciones Deportivas<\/p><p><a href=\"https:\/\/drive.google.com\/file\/d\/0B5X7Wv2zpnpCbVFQZFF6bng3YUE\/view?usp=sharing\">Acuerdo firmado clasificaci\u00f3n personal laboral Ayto Madrid y OOAA<\/a><\/p><p><a href=\"documentos\/acuerdos\/2010-07-22%20productividad.pdf\">Productividades<\/a><\/p><p><span style=\"color: #ff0000;\"><strong>2020<\/strong><\/span><\/p><p><a href=\"https:\/\/drive.google.com\/file\/d\/1wRbOxdVPXH0T7sCz7peWUusqzEThNUBT\/view?usp=sharing\">II Acuerdo Gobierno Sindicatos Fondos Adicionales 2020<\/a><\/p><p><a href=\"https:\/\/drive.google.com\/file\/d\/1wRbOxdVPXH0T7sCz7peWUusqzEThNUBT\/view\">Acuerdo incremento retributivo 2020 e inicio negociaci\u00f3n fondos adicionales<\/a><\/p><p><a href=\"https:\/\/drive.google.com\/file\/d\/1AP3jc07yd6qxXcrLfkgAAR0FiZ1UgDik\/view\">Acuerdo de Distribuci\u00f3n de Fondos Adicionales<\/a><\/p><p><a href=\"https:\/\/drive.google.com\/file\/d\/1WdobzbAMkc-59WiRT2ql5Iusb0jtD75v\/view?usp=sharing\">Acuerdo MGEP cambio de turno voluntario personal funcionario a la ma\u00f1ana<\/a><\/p><p><a href=\"https:\/\/drive.google.com\/file\/d\/1Voq6PWq0MZAhQr6ORCXFwOCp-13TXXZC\/view?usp=sharing\">Acuerdo Plan de Prevenci\u00f3n de Riesgos Laborales 2020<\/a><\/p><p><a href=\"https:\/\/drive.google.com\/file\/d\/1Hk0PVJHgunoHLVFNWvYq-6TalOxj8Gg-\/view?usp=sharing\">Acuerdo Personal Laboral<\/a><\/p><p><a href=\"https:\/\/drive.google.com\/file\/d\/1a7NyKxHKWgfAa9ODlfUYAfLqV31v2_h3\/view?usp=sharing\">Acuerdo Productividad por Objetivos por tarjetas prepago COVID<\/a><\/p><p><a href=\"https:\/\/drive.google.com\/file\/d\/1GFPzPRoHkgMOLjpXSVcJDrvCNrxfMQ34\/view?usp=sharing\">Acuerdo MGNEP Distribuci\u00f3n Fondos Adicionales<\/a><\/p><p><a href=\"https:\/\/drive.google.com\/file\/d\/1gEhC08eJ2180zFGDAfQsrr6GcRXilBN3\/view?usp=sharing\">Acuerdo criterios Teletrabajo<\/a><\/p><p><span style=\"color: #ff0000;\"><strong>2021<\/strong><\/span><\/p><p><a href=\"https:\/\/drive.google.com\/file\/d\/1RhUQOM1NtM4Ihc1BjhP_BcSaNWLcqL7G\/view?usp=sharing\"><span style=\"color: #000000;\">Publicado en BOAM el Acuerdo sobre implantaci\u00f3n de productividad por objetivos sobre la gesti\u00f3n de tarjetas prepago<\/span><\/a><\/p><p><strong>\u00a0<\/strong><\/p><p><strong>AGENTES DE MOVILIDAD<\/strong><\/p><p><a href=\"https:\/\/drive.google.com\/file\/d\/0B5X7Wv2zpnpCblF6LTZZc1E3UlU\/view?usp=sharing\">Acuerdo Mesa Sectorial AAMM 2016<\/a><\/p><p><span style=\"color: #ff0000;\"><strong>2022<\/strong><\/span><\/p><p><span style=\"color: #ff0000;\"><span style=\"color: #000000;\"><a href=\"https:\/\/drive.google.com\/file\/d\/1nhahKUcEP610wea2reCQ7o2jLq4YlQ0G\/view?usp=sharing\">Modificaci\u00f3n reglamento Agentes de Movilidad<\/a><\/span><strong><br \/><\/strong><\/span><\/p><p>\u00a0<strong>BOMBEROS<\/strong><\/p><p><a href=\"https:\/\/drive.google.com\/file\/d\/1-n4tqqkCqHQ1a4YSumu95M43fQW9UNQL\/view?usp=sharing\">Preacuerdo sectorial del Cuerpo de Bomberos, periodo 2018-2021<\/a><\/p><p>\u00a0<strong>POLIC\u00cdA MUNICIPAL<\/strong><\/p><p><a href=\"https:\/\/drive.google.com\/file\/d\/1Ou1c7YOpJwGE4L1Px9aL4XFnfVPXljFC\/view?usp=sharing\">Acuerdo JG Mesa Sectorial PM regulador R\u00e9gimen Especial del Cuerpo de Polic\u00eda Municipal de Madrid<\/a><\/p><p><span style=\"color: #ff0000;\"><strong>2022<\/strong><\/span><\/p><p><a href=\"https:\/\/drive.google.com\/file\/d\/14GwH1ZN-sfR29fsTtdA13pZWhFtfQH9N\/view?usp=sharing\">Acuerdo regulador del R\u00e9gimen Especial de PM<\/a><\/p><p>\u00a0\u00a0<strong>CONDUCTORES<\/strong><\/p><p><a href=\"documentos\/libro\/garantias\/index.html\">Acuerdo Conductores<\/a><\/p><p>\u00a0<strong>CASI<\/strong><\/p><p><a href=\"https:\/\/drive.google.com\/file\/d\/1A9pFX3K5FkFIXrurNMKWZkPamKN9GmaW\/view?usp=sharing\">Acuerdo MGNEP Complemento Retributivo CASI<\/a><\/p><p>\u00a0<strong>MADRID SALUD<\/strong><\/p><p><a href=\"https:\/\/drive.google.com\/file\/d\/1tg8vXOSwJr1KfojhxmsXa1iHXStj-yJH\/view?usp=sharing\">Acuerdo entre el \u00c1rea de Salud y las Secciones Sindicales<\/a><\/p><p>\u00a0<strong>IAM<\/strong><\/p><p><a href=\"https:\/\/drive.google.com\/file\/d\/1U6j53WgcITRnCIDfTmr3wngRX4XHOR3n\/view?usp=sharing\">Acuerdo productividad IAM<\/a><\/p><p><a href=\"https:\/\/drive.google.com\/file\/d\/1U6j53WgcITRnCIDfTmr3wngRX4XHOR3n\/view?usp=sharing\">Acuerdo MGNEP 12 diciembre 2019 productividad IAM<\/a><\/p><p><strong>POSI<\/strong><\/p><p><a href=\"documentos\/general\/primerapagina\/PropuestaPlanReordenacion.pdf\">\u00daltimo documento Plan Movilidad POSI<\/a><\/p><p><strong>IDM<\/strong><\/p><p><a href=\"https:\/\/drive.google.com\/file\/d\/1zc-5bxhPDor0JWLjeLbgnaOmYgSolckm\/view\">Acuerdo fijos discontinuos en Instalaciones Deportivas<\/a><\/p><p><strong>BANDA SINF\u00d3NICA<\/strong><\/p><p><a href=\"https:\/\/drive.google.com\/file\/d\/1OcEF_n42Jp-I9zTgbcn_5rq3tICAY17Q\/view?usp=sharing\">Acuerdo tipolog\u00eda Banda\u00a0 Sinf\u00f3nica Municipal<\/a><\/p><p><strong>POLMA<\/strong><\/p><p><a href=\"documentos\/acuerdos\/ACUERDO%20REDISTRIBUCION%20FUNCIONES%20POLMA[1].pdf\">Acuerdo Redistribuci\u00f3n y Asignaci\u00f3n Funciones POLMA<\/a><\/p><p><strong>MACSA<\/strong><\/p><p><a href=\"documentos\/acuerdos\/Reversion_Macsa.pdf\">Acuerdo de Reversi\u00f3n de la plantilla de MACSA<\/a><\/p><p><a href=\"documentos\/acuerdos\/Despido_Macsa.pdf\">Acuerdo de Expediente de Despido Colectivo en MACSA<\/a><\/p><p><strong>AGENCIA PARA EL EMPLEO<\/strong><\/p><p><a href=\"https:\/\/drive.google.com\/file\/d\/13nlCl_r-WFVlL9kxJZJo-dHN2InoA5Xs\/view?usp=sharing%20\">Acuerdo modificci\u00f3n puesto \u00abFormador\/a\u00bb<\/a><\/p><p><strong>VARIOS<\/strong><\/p><p><a href=\"documentos\/libro\/niveles\/index.html\">Modificaci\u00f3n de los Niveles de Complemento Destino<\/a><\/p><p><a href=\"documentos\/acuerdos\/2010-07-22%20Horario%20cierre%20dependencias%20administrativas%20Extracto.pdf\">Extracto horario de cierre de dependencias administrativas<\/a><\/p><p><a href=\"documentos\/acuerdos\/Acuerdo_horario_comunicacion.pdf\">Acuerdo sobre horario especial en la Direcci\u00f3n General de Medios de Comunicaci\u00f3n<\/a><\/p><p><a href=\"documentos\/acuerdos\/Resolucion_Acreditacion_Funciones.pdf\">Resoluci\u00f3n aprobando la Instrucci\u00f3n sobre la acreditaci\u00f3n de funciones que concretan la actividad profesional del personal funcionario<\/a><\/p><p><a href=\"documentos\/general\/primerapagina\/Acuerdo_Personal_CASI.pdf\">Acuerdo sobre condiciones de plantilla del Personal del Centro de Acogida San Isidro<\/a><\/p><p><a href=\"https:\/\/drive.google.com\/file\/d\/1RtbQEhxJn_9uOVxDQiYoCG2LGHzH96fb\/view?usp=sharing\">Acuerdo equipo volante bibliotecas 2019<\/a><\/p><p>\u00a0<strong>BIBLIOTECAS<\/strong><\/p><p><a href=\"https:\/\/drive.google.com\/file\/d\/1TT_WJFAeNJYheQ57IhxPUkFZLfZjz0sw\/view\">Acuerdo sobre prestaci\u00f3n del servicio y horarios en bibliotecas<\/a><\/p><p>\u00a0<strong>PERSONAL LABORAL FIJO<\/strong><\/p><p><a href=\"https:\/\/drive.google.com\/file\/d\/1VoYgNrhYvoOgHmWGfir1MmlCHRsqH92G\/view\">Acuerdo adquisici\u00f3n categor\u00eda funcionario por personal laboral fijo<\/a><\/p><p><strong>ACUERDO SAMUR-PC<\/strong><\/p><p><a href=\"https:\/\/drive.google.com\/file\/d\/1y1dae7HKbW7ynvZ07a2DZ0qdI69KARtE\/view?usp=share_link\">Acuerdo regulador de las condiciones de trabajo del personal adscrito a SAMUR-PC<\/a><\/p><p>\u00a0<strong>ACUERDOS MEJORA EMPLEO<\/strong><\/p><p><a href=\"https:\/\/drive.google.com\/file\/d\/1STTPgjM1PxNrRfoz5mmyQglpxDDZVxQs\/view?usp=sharing\">Acuerdo mejora empleo p\u00fablico 2017<\/a><\/p><p><a href=\"https:\/\/drive.google.com\/file\/d\/1WzUKB8e0AojQPEFySZF1BM9MncnVYoRp\/view?usp=sharing\">II Acuerdo mejora empleo p\u00fablico 2018<\/a><\/p><p><a href=\"https:\/\/drive.google.com\/file\/d\/1yMPHxTepU9vJKyZGYPvXJKx7QoyI3zFG\/view?usp=sharing\">Acuerdo Estrategia Transformaci\u00f3n\u00a0 Gesti\u00f3n RRHH 2020-2023<\/a><\/p><p><strong>DE INTER\u00c9S:<\/strong><\/p><p><a class=\"art-postcontent\" href=\"documentos\/general\/primerapagina\/Anteproyecto.pdf\">Anteproyecto de Ley de Racionalizaci\u00f3n y Sostenibilidad de la Administraci\u00f3n Local<\/a><\/p><p><a href=\"https:\/\/drive.google.com\/file\/d\/0B5X7Wv2zpnpCTHNmWDFHRFVsNWc\/view?usp=sharing\">Inclusi\u00f3n de cl\u00e1usulas sociales en los contratos municipales<\/a><\/p><p><strong>HORARIO ESPECIAL DIRECCI\u00d3N GENERAL DE COMUNICACI\u00d3N<\/strong><\/p><p><a href=\"https:\/\/drive.google.com\/file\/d\/1Rs9WpoHr9OuQF6Mf8MfjJ0yV4w2VQVpJ\/view?usp=share_link\">Acuerdo horario especial Direci\u00f3n General de Comunicaci\u00f3n<\/a><\/p><p>\u00a0<strong>SALUD LABORAL:<\/strong><\/p><p><a href=\"documentos\/acuerdos\/PROTOCOLO%20%20ACOSO%20LABORAL.pdf\">Protocolo Acoso Laboral<\/a><\/p><p><a href=\"https:\/\/drive.google.com\/file\/d\/1h6MC2oRjDQ_Z2hxh4cAwxPRfFvyPBADK\/view\">Aprobado el nuevo Plan de Prevenci\u00f3n de Riesgos Laborales 2020<\/a><\/p><p><span style=\"color: #ff0000;\"><strong>2021<\/strong><\/span><\/p><p><a href=\"https:\/\/drive.google.com\/file\/d\/1lRmQ--eQbQfhBqHFr-tNi-TmUHtyIB4d\/view?usp=sharing\">Protocolo de actuaci\u00f3n agresiones a terceros<\/a><\/p><p><a href=\"https:\/\/drive.google.com\/file\/d\/17RQLaQPjA7v835botkes1sCl1pc9ezk5\/view?usp=sharing\">Instrucci\u00f3n operativa de actuaci\u00f3n en caso de agresiones de terceros<\/a><\/p><p>\u00a0<\/p><p>\u00a0<strong>SINDICALES:<\/strong><\/p><p><a href=\"https:\/\/drive.google.com\/file\/d\/1HAAxqG0vAVVtoR7kbQm_QpzXBZbpQcJ5\/view?usp=sharing\">Acuerdo de Garant\u00edas Sindicales<\/a><\/p><p class=\"art-postheader\"><a href=\"documentos\/acuerdos\/Acuerdo_Marco_2013.pdf\">Acuerdo Marco 2013-2015<\/a><\/p><p class=\"art-postheader\"><a href=\"documentos\/acuerdos\/Acuerdo_Garantias_Sindicales_FMM%202013.pdf\">Acuerdo Garant\u00edas Sindicales FMM 2013-2015<\/a><\/p><p class=\"art-postheader\">\u00a0<\/p><p class=\"art-postheader\"><strong>IGUALDAD:<\/strong><\/p><p>\u00a0<a href=\"https:\/\/drive.google.com\/file\/d\/0B5X7Wv2zpnpCTDhNNHdtcTc0RUU\/view?usp=sharing\">I Plan de Igualdad<\/a><\/p><p><a href=\"https:\/\/drive.google.com\/file\/d\/1EZU3wUMaMhD57AJTZmZKF8WZtiSJRx0N\/view?usp=sharing\">II Plan de Igualdad<\/a><\/p><p><a href=\"https:\/\/drive.google.com\/file\/d\/1mH7oiI2t-19PL_6YbbLUfzZMAuz8DaHn\/view?usp=sharing\">Informe seguimiento medidas Plan Igualdad 2021<\/a><\/p><p>\u00a0<\/p>\t\t\t\t\t\t<\/div>\n\t\t\t\t<\/div>\n\t\t\t\t\t<\/div>\n\t\t<\/div>\n\t\t\t\t\t\t\t<\/div>\n\t\t<\/section>\n\t\t\t\t\t\t\t<\/div>\n\t\t","protected":false},"excerpt":{"rendered":"<p>&#8211; Documentos de inter\u00e9s: CONVENIOS: Acuerdo Convenio 2011-2015 Acuerdo Convenio 2008-2011 Convenio Unico de Laborales Convenio Colectivo EMVS 2016-2020 Acuerdo-Convenio 2019-2022 \u00a0 NORMATIVA: Estatuto Basico del Empleado P\u00fablico Estatuto de los Trabajadores (nueva edici\u00f3n contiene Ley 3\/2012 Reforma Laboral) 2021 Publicado en BOAC modificaci\u00f3n estatutos Agencia para el Empleo \u00a0 \u00a0ACUERDO DE BASES: Acuerdo Bases &hellip;<\/p>\n<p class=\"read-more\"> <a class=\"\" href=\"https:\/\/testok.ccooaytomadrid.es\/?page_id=6651\"> <span class=\"screen-reader-text\">Documentos de inter\u00e9s<\/span> Leer m\u00e1s &raquo;<\/a><\/p>\n","protected":false},"author":1,"featured_media":0,"parent":0,"menu_order":0,"comment_status":"closed","ping_status":"closed","template":"","meta":{"site-sidebar-layout":"no-sidebar","site-content-layout":"page-builder","ast-global-header-display":"","ast-banner-title-visibility":"","ast-main-header-display":"","ast-hfb-above-header-display":"","ast-hfb-below-header-display":"","ast-hfb-mobile-header-display":"","site-post-title":"disabled","ast-breadcrumbs-content":"","ast-featured-img":"disabled","footer-sml-layout":"","theme-transparent-header-meta":"","adv-header-id-meta":"","stick-header-meta":"","header-above-stick-meta":"","header-main-stick-meta":"","header-below-stick-meta":""},"_links":{"self":[{"href":"https:\/\/testok.ccooaytomadrid.es\/index.php?rest_route=\/wp\/v2\/pages\/6651"}],"collection":[{"href":"https:\/\/testok.ccooaytomadrid.es\/index.php?rest_route=\/wp\/v2\/pages"}],"about":[{"href":"https:\/\/testok.ccooaytomadrid.es\/index.php?rest_route=\/wp\/v2\/types\/page"}],"author":[{"embeddable":true,"href":"https:\/\/testok.ccooaytomadrid.es\/index.php?rest_route=\/wp\/v2\/users\/1"}],"replies":[{"embeddable":true,"href":"https:\/\/testok.ccooaytomadrid.es\/index.php?rest_route=%2Fwp%2Fv2%2Fcomments&post=6651"}],"version-history":[{"count":32,"href":"https:\/\/testok.ccooaytomadrid.es\/index.php?rest_route=\/wp\/v2\/pages\/6651\/revisions"}],"predecessor-version":[{"id":6833,"href":"https:\/\/testok.ccooaytomadrid.es\/index.php?rest_route=\/wp\/v2\/pages\/6651\/revisions\/6833"}],"wp:attachment":[{"href":"https:\/\/testok.ccooaytomadrid.es\/index.php?rest_route=%2Fwp%2Fv2%2Fmedia&parent=6651"}],"curies":[{"name":"wp","href":"https:\/\/api.w.org\/{rel}","templated":true}]}}